{"id":22284,"date":"2025-09-19T10:15:27","date_gmt":"2025-09-19T08:15:27","guid":{"rendered":"https:\/\/www.luxfilmfest.lu\/?page_id=22284"},"modified":"2025-11-17T10:38:37","modified_gmt":"2025-11-17T09:38:37","slug":"team","status":"publish","type":"page","link":"https:\/\/www.luxfilmfest.lu\/en\/team\/","title":{"rendered":"Team"},"content":{"rendered":"<table width=\"331\">\n<tbody>\n<tr>\n<td width=\"331\"><strong>Gladys LAZAREFF<\/strong><\/p>\n<p>Directrice administrative et financi\u00e8re<\/td>\n<\/tr>\n<tr>\n<td width=\"331\"><strong>Alexis JUNCOSA<\/strong><\/p>\n<p>Directeur artistique<\/td>\n<\/tr>\n<\/tbody>\n<\/table>\n<p><strong>\u00a0<\/strong><\/p>\n<p><strong><u>PROGRAMMATION <\/u><\/strong><u>\u00a0<\/u><strong><u>\u00b7<\/u><\/strong><strong><u>\u00a0 PROJETS\u00a0 <\/u><\/strong><strong><u>\u00b7<\/u><\/strong><strong><u>\u00a0 GUESTS<\/u><\/strong><\/p>\n<table width=\"331\">\n<tbody>\n<tr>\n<td width=\"331\"><strong>Chiara LENTZ<\/strong><\/p>\n<p>Coordinatrice de programmation artistique<\/td>\n<\/tr>\n<tr>\n<td width=\"331\"><strong>Guillaume LECANNELIE<\/strong><\/p>\n<p>Charg\u00e9 Invit\u00e9s et Jurys<\/td>\n<\/tr>\n<tr>\n<td width=\"331\"><strong>Almog COHEN<\/strong><\/p>\n<p>Guests \u2013 Logistic Assistant<\/td>\n<\/tr>\n<\/tbody>\n<\/table>\n<p><strong>\u00a0<\/strong><\/p>\n<p><strong><u>JEUNE PUBLIC<\/u><\/strong><\/p>\n<table width=\"331\">\n<tbody>\n<tr>\n<td width=\"331\"><strong>Gloria MORANO<\/strong><\/p>\n<p>Responsable de la programmation jeune public<\/td>\n<\/tr>\n<tr>\n<td width=\"331\"><strong>Camille LAZZARI<\/strong><\/p>\n<p>Assistante de programmation Jeune Public<\/td>\n<\/tr>\n<tr>\n<td width=\"331\"><strong>Marie BLAZYK<\/strong><\/p>\n<p>Assistante encadrement Jeune Public<\/p>\n<p>&nbsp;<\/td>\n<\/tr>\n<\/tbody>\n<\/table>\n<p><strong><u>COMMUNICATION\u00a0 <\/u><\/strong><strong><u>\u00b7<\/u><\/strong><strong><u>\u00a0 DIGITAL<\/u><\/strong><\/p>\n<table width=\"331\">\n<tbody>\n<tr>\n<td width=\"331\"><strong>Pierre LECLERC<\/strong><\/p>\n<p>Responsable de la communication<\/td>\n<\/tr>\n<tr>\n<td width=\"331\"><strong>Julie LERUTH<\/strong><\/p>\n<p>Assistante de communication<\/td>\n<\/tr>\n<tr>\n<td width=\"331\"><strong>Etienne BLUTEAU<\/strong><\/p>\n<p>Charg\u00e9 de communication digitale<\/td>\n<\/tr>\n<\/tbody>\n<\/table>\n<p><strong>\u00a0<\/strong><\/p>\n<p><strong><u>PRODUCTION\u00a0 <\/u><\/strong><strong><u>\u00b7<\/u><\/strong><strong><u>\u00a0 EVENEMENTS\u00a0 <\/u><\/strong><strong><u>\u00b7<\/u><\/strong><strong><u>\u00a0 B2B <\/u><\/strong><strong><u>\u00b7<\/u><\/strong><strong><u> BENEVOLES<\/u><\/strong><\/p>\n<table width=\"270\">\n<tbody>\n<tr>\n<td width=\"270\"><strong>Joanne STEIB-WIESENFELD<\/strong><\/p>\n<p>Responsable de production \u00b7 projets \u00e9v\u00e9nementiels<\/td>\n<\/tr>\n<tr>\n<td width=\"270\"><strong>Chlo\u00e9 VALETTE<\/strong><\/p>\n<p>Assistante de production (films, \u00e9v\u00e9nements, projets)<\/td>\n<\/tr>\n<tr>\n<td width=\"270\"><strong>Ana DISHLIESKA-MITOVA<\/strong><\/p>\n<p><strong>Assistante de production (collaborations artistiques, partenariats)<\/strong><\/td>\n<\/tr>\n<tr>\n<td width=\"270\"><strong>Lo\u00efc LE CORRE<\/strong><\/p>\n<p>R\u00e9gisseur, coordinateur du traffic print<\/td>\n<\/tr>\n<tr>\n<td width=\"270\"><strong>Lucas PERRINET<\/strong><\/p>\n<p>R\u00e9gie, op\u00e9rateur projectionniste<\/td>\n<\/tr>\n<tr>\n<td width=\"270\"><strong>Lor\u00e8ne PIERRAT<\/strong><\/p>\n<p>Charg\u00e9e des b\u00e9n\u00e9voles<\/td>\n<\/tr>\n<tr>\n<td width=\"270\"><strong>Mathilde SABATTINI<\/strong><\/p>\n<p>Charg\u00e9e de billetterie<\/td>\n<\/tr>\n<\/tbody>\n<\/table>\n","protected":false},"excerpt":{"rendered":"<p>Gladys LAZAREFF Directrice administrative et financi\u00e8re Alexis JUNCOSA Directeur artistique \u00a0 PROGRAMMATION \u00a0\u00b7\u00a0 PROJETS\u00a0 \u00b7\u00a0 GUESTS Chiara LENTZ Coordinatrice de programmation artistique Guillaume LECANNELIE Charg\u00e9 Invit\u00e9s et Jurys Almog COHEN Guests \u2013 Logistic Assistant \u00a0 JEUNE PUBLIC Gloria MORANO Responsable de la programmation jeune public Camille LAZZARI Assistante de programmation Jeune Public Marie BLAZYK Assistante [&hellip;]<\/p>\n","protected":false},"author":3,"featured_media":18201,"parent":0,"menu_order":0,"comment_status":"closed","ping_status":"closed","template":"page-template-builder.php","meta":{"_acf_changed":false,"footnotes":""},"class_list":["post-22284","page","type-page","status-publish","has-post-thumbnail","hentry"],"acf":[],"_links":{"self":[{"href":"https:\/\/www.luxfilmfest.lu\/en\/wp-json\/wp\/v2\/pages\/22284","targetHints":{"allow":["GET"]}}],"collection":[{"href":"https:\/\/www.luxfilmfest.lu\/en\/wp-json\/wp\/v2\/pages"}],"about":[{"href":"https:\/\/www.luxfilmfest.lu\/en\/wp-json\/wp\/v2\/types\/page"}],"author":[{"embeddable":true,"href":"https:\/\/www.luxfilmfest.lu\/en\/wp-json\/wp\/v2\/users\/3"}],"replies":[{"embeddable":true,"href":"https:\/\/www.luxfilmfest.lu\/en\/wp-json\/wp\/v2\/comments?post=22284"}],"version-history":[{"count":3,"href":"https:\/\/www.luxfilmfest.lu\/en\/wp-json\/wp\/v2\/pages\/22284\/revisions"}],"predecessor-version":[{"id":22287,"href":"https:\/\/www.luxfilmfest.lu\/en\/wp-json\/wp\/v2\/pages\/22284\/revisions\/22287"}],"wp:featuredmedia":[{"embeddable":true,"href":"https:\/\/www.luxfilmfest.lu\/en\/wp-json\/wp\/v2\/media\/18201"}],"wp:attachment":[{"href":"https:\/\/www.luxfilmfest.lu\/en\/wp-json\/wp\/v2\/media?parent=22284"}],"curies":[{"name":"wp","href":"https:\/\/api.w.org\/{rel}","templated":true}]}}